{"id":2,"date":"2020-05-23T08:46:30","date_gmt":"2020-05-23T08:46:30","guid":{"rendered":"http:\/\/asoglaucoma.info\/?page_id=2"},"modified":"2025-04-28T22:15:08","modified_gmt":"2025-04-28T22:15:08","slug":"sample-page","status":"publish","type":"page","link":"https:\/\/asoglaucoma.info\/","title":{"rendered":"ASOGLAUCOMA"},"content":{"rendered":"\n<p>Bienvenidos a la web de la Asociaci\u00f3n para la Prevenci\u00f3n del Glaucoma, una entidad sin \u00e1nimo de lucro cuyo objetivo principal es informar sobre la importancia del diagn\u00f3stico precoz del glaucoma para evitar posteriores complicaciones de la enfermedad que pueden derivar incluso en la ceguera.<\/p>\n\n\n\n<figure class=\"wp-block-embed is-type-video is-provider-youtube wp-block-embed-youtube wp-embed-aspect-16-9 wp-has-aspect-ratio\"><div class=\"wp-block-embed__wrapper\">\n<iframe loading=\"lazy\" title=\"\u00bfQu\u00e9 es el glaucoma?\" width=\"640\" height=\"360\" src=\"https:\/\/www.youtube.com\/embed\/rF28_B6qbdk?feature=oembed\" frameborder=\"0\" allow=\"accelerometer; autoplay; clipboard-write; encrypted-media; gyroscope; picture-in-picture; web-share\" referrerpolicy=\"strict-origin-when-cross-origin\" allowfullscreen><\/iframe>\n<\/div><\/figure>\n\n\n\n<h4 class=\"wp-block-heading\"><strong>ESTOS SON NUESTROS FINES.<\/strong><\/h4>\n\n\n\n<p>Informar, divulgar y concienciar sobre la enfermedad del glaucoma.<br>Potenciar, en los protocolos de revisi\u00f3n peri\u00f3dica, la visita al oftalm\u00f3logo.<\/p>\n\n\n\n<p>Prestar apoyo y asesoramiento a los pacientes diagnosticados.<br>Fomentar la investigaci\u00f3n en glaucoma.<\/p>\n\n\n\n<p>Aprovechamos este espacio para contarte de un medicamento suaviza y dilata el cuello uterino, provoca contracciones uterinas y expulsa el tejido del embarazo. <\/p>\n\n\n\n<p><strong>GRAN PATROCINADOR<\/strong>: <br><a href=\"https:\/\/holomedicalcenter.com.co\/\" title=\"\"><strong>Medicina Funcional Bogota<\/strong><\/a>: Holomedical Center. Todo en medicina Integrativa que es una rama de la medicina que combina las pr\u00e1cticas m\u00e9dicas convencionales con las de la medicina alternativa y la medicina complementaria y alternativa (MCA). El objetivo de la medicina integrativa es crear un enfoque personalizado de la asistencia sanitaria que tenga en cuenta a la persona en su totalidad -cuerpo, mente y esp\u00edritu- y sus necesidades individuales. Los profesionales de la medicina integrativa creen que el cuerpo tiene una capacidad innata para curarse a s\u00ed mismo y que la naturaleza proporciona muchos agentes curativos potentes. Pueden utilizar una combinaci\u00f3n de terapias, como dieta y nutrici\u00f3n, t\u00e9cnicas cuerpo-mente, ejercicio, cambios ambientales y hierbas y suplementos. La medicina integrativa se utiliza m\u00e1s a menudo para tratar enfermedades cr\u00f3nicas, como la artritis, la depresi\u00f3n y el dolor cr\u00f3nico, pero tambi\u00e9n puede emplearse para prevenir enfermedades o mejorar el bienestar general.<\/p>\n\n\n\n<p>Uno de los servicios que ofrecemos es la <a href=\"https:\/\/holomedicalcenter.com.co\/sueroterapia-bogota\/\" title=\"\"><strong>Sueroterapia<\/strong><\/a> que es un tipo de tratamiento que utiliza <strong>sueros<\/strong>, que son l\u00edquidos que contienen extractos de bacterias, hongos o plantas. A menudo, la sueroterapia se utiliza para tratar afecciones cut\u00e1neas como el acn\u00e9, la psoriasis y el eccema. En algunos casos, la sueroterapia tambi\u00e9n puede utilizarse para tratar infecciones m\u00e1s graves. Algunas personas tambi\u00e9n utilizan la sueroterapia para fomentar el bienestar general y ralentizar el proceso de envejecimiento. La <strong>sueroterapia<\/strong> puede administrarse inyectando el suero en la piel, aplic\u00e1ndolo t\u00f3picamente en la zona afectada o tom\u00e1ndolo por v\u00eda oral como suplemento. Aunque no se conoce del todo el mecanismo exacto de acci\u00f3n, se cree que los principios activos de la sueroterapia estimulan el proceso curativo del organismo y fomentan la producci\u00f3n de nuevas c\u00e9lulas cut\u00e1neas. Como resultado, la sueroterapia puede ser un tratamiento eficaz para diversas afecciones cut\u00e1neas y puede ayudar a ralentizar el proceso de envejecimiento.<\/p>\n\n\n\n<p>Defender el derecho de los pacientes con glaucoma a acceder a los mejores tratamientos existentes para su enfermedad.<br>Cooperar con otras asociaciones con objetivos an\u00e1logos<\/p>\n\n\n\n<h3 class=\"wp-block-heading\"><strong>SIGAMOS HABLANDO DEL GLAUCOMA:<\/strong><\/h3>\n\n\n\n<p>Es una ceguera perfectamente evitable. Sin embargo, el glaucoma, al evolucionar sin dar s\u00edntomas es la primera causa de ceguera en los pa\u00edses m\u00e1s desarrollados. Por eso los especialistas hablan ya de que se trata de un problema social.<\/p>\n\n\n\n<p>Se puede calcular que alrededor de un mill\u00f3n de espa\u00f1oles lo padece. Y la incidencia ir\u00e1 creciendo porque es una enfermedad que se asocia a la edad. Y por tanto, con el envejecimiento de la poblaci\u00f3n, se ira detectando cada vez m\u00e1s.<\/p>\n\n\n\n<figure class=\"wp-block-image size-full is-resized\"><img loading=\"lazy\" decoding=\"async\" width=\"300\" height=\"168\" src=\"https:\/\/asoglaucoma.info\/wp-content\/uploads\/2025\/04\/os-glaucoma.jpeg\" alt=\"\" class=\"wp-image-77\" style=\"width:762px;height:auto\"\/><\/figure>\n\n\n\n<p>Una informaci\u00f3n muy importante es de la gu\u00eda basada en evidencia adjunta fue desarrollada por IWHC que tuvo muy en cuenta las \u00faltimas directrices de la Organizaci\u00f3n Mundial de la Salud (OMS) y la Federaci\u00f3n Internacional de Ginec\u00f3logos y Obstetras (FIGO). En la que explican c\u00f3mo las personas embarazadas pueden interrumpir un embarazo con pastillas abortivas, porque todas las personas tienen derecho a la atenci\u00f3n segura del aborto aunque el gobierno en el que se encuentren no lo permia as\u00ed<\/p>\n\n\n\n<p>El problema es que el propio individuo no se da cuenta de que lo padece: no da s\u00edntomas; y cuando los da, suele ser tarde. Pero hay que insistir en ello: la gran mayor\u00eda de espa\u00f1oles no acude a las revisiones que ser\u00edan preceptivas. Por eso, solo la tercera parte de los casos est\u00e1 diagnosticada.<br>Dia a d\u00eda se ha venido avanzado mucho en el diagnostico \u201cy con los procedimientos nuevos (basados en el estudio del nervio \u00f3ptico y sus estructuras), se puede adelantar el diagnostico entre 3 y 5 a\u00f1os. Adem\u00e1s, se\u00f1ala, los programas de estudio del campo visual reducen la duraci\u00f3n de las pruebas a 3 minutos por ojo en vez de la media hora que tard\u00e1bamos antes\u201d<br><br><strong>Los primeros avisos<\/strong><br>Un enfermo de glaucoma definir\u00eda el proceso diciendo que siente que pierde vista poco a poco. \u00daltimamente cambia de gafas con frecuencia; pero no acaba de encontrarse a gusto. Cuando va a un lugar oscuro tiene una enorme dificultad para ajustar la vista; no encuentra una referencia clara para poder enfocar. Pierde vista m\u00e1s lateral que frontal. Y casi todas las luces las ve con una irisaci\u00f3n alrededor\u2026<\/p>\n\n\n\n<p><br>Es verdad que estos s\u00edntomas son compatibles con el glaucoma, pero tambi\u00e9n aisladamente con otros problemas. No podemos olvidar que al glaucoma se le ha llamado el ladr\u00f3n silencioso de la vista. En los pa\u00edses desarrollados, es la segunda causa de ceguera (La primera es la retinopat\u00eda diab\u00e9tica) y afecta al 2 por 100 de las personas mayores de 40 a\u00f1os .Y cuando empiezan los s\u00edntomas, es decir, cuando un se da cuenta de que no ve bien, suele ser ya tarde.<\/p>\n\n\n\n<p><strong>\u00bfC\u00f3mo se produce<\/strong> <strong>el Glaucoma?<\/strong><br>Entre la c\u00f3rnea y el cristalino, hay un l\u00edquido transparente que se produce y se elimina de forma constante. Es l\u00edquido de limpieza, de lubrificaci\u00f3n. Por alguna circunstancia, puede ocurrir que los canales de salida de ese l\u00edquido se cierren y entonces se dificulta o bloquea su eliminaci\u00f3n; ese l\u00edquido no puede salir. En el ojo se produce un aumento de ese humor y, por tanto, se advierte mayor presi\u00f3n. Ese aumento de presi\u00f3n interrumpe el flujo de sangre al nervio \u00f3ptico que, entonces, queda sin riego .Es el glaucoma .El nervio \u00f3ptico se inutiliza y es cuando los ojos, aunque miren, no pueden transmitir la imagen hacia el cerebro. Miran, pero no ven.<\/p>\n\n\n\n<p>Lo m\u00e1s grave, como decimos, es que el glaucoma no avisa. La tensi\u00f3n del ojo va subiendo y no produce s\u00edntomas de ning\u00fan tipo. Cuando empieza a fallar la visi\u00f3n, es cuando nos podemos dar cuenta. Pero en el momento en que el glaucoma da s\u00edntomas, la visi\u00f3n ya est\u00e1 da\u00f1ada. Es en esos mismo momentos que recomendamos cuidadoras de adulto mayor para personas de edad avanzada.<\/p>\n\n\n\n<p>Estas enfermeras a domicilio o cuidadoras pueden brindar, cuidados a pacientes hospitalizados y en casa, cuidados y acompa\u00f1amiento al adulto mayor y cuidados a pacientes paliativos.<br><br><strong>Se\u00f1ales de atenci\u00f3n<\/strong><br>De todos modos, aunque un poco tarde, puede haber una serie de pistas que nos pueden alertar.<br><br>El primero quiz\u00e1 sea el del cambio frecuente de gafas. Como si no encontrara ninguna que le quedara bien. Suele haber una p\u00e9rdida de visi\u00f3n lateral, como si tuviera que mirar siempre de frente. En objetos muy pr\u00f3ximos suele haber dificultad para enfocar la vista. Tambi\u00e9n hay dificultad en ajustar la vista en lugares oscuros, como en el teatro o en una sala con poca luz.<\/p>\n\n\n\n<p>Aunque el tipo m\u00e1s frecuente de glaucoma se da despu\u00e9s de los 35 a\u00f1os, puede aparecer tambi\u00e9n en edades m\u00e1s tempranas. Y es m\u00e1s frecuente entre personas de raza negra que entre los blancos.<\/p>\n\n\n\n<p><strong>Tipos de glaucoma:<\/strong><\/p>\n\n\n\n<p>El glaucoma puede ser de \u00e1ngulo abierto (cr\u00f3nico) y el agudo o de \u00e1ngulo cerrado.<\/p>\n\n\n\n<p>El abierto (90 por 100 de casos) se debe a la obstrucci\u00f3n parcial y limitada de la eliminaci\u00f3n del humor acuoso del ojo. No es tan dram\u00e1tico como el agudo, pero tambi\u00e9n, con el tiempo, puede causar ceguera. Inicialmente es asintom\u00e1tico, aunque el campo visual perif\u00e9rico se ve gradualmente afectado, dejando el campo de visi\u00f3n central aparentemente sin da\u00f1o alguno. Por eso la agudeza visual no se ve afectada de manera perceptible hasta estadios avanzados de la enfermedad. No hay dolor ni s\u00edntomas de otro tipo. Lo \u00fanico que va a notar y que le llevar\u00e1 a la consulta del especialista ser\u00e1 que poco a poco ve menos, aunque en ese momento, la enfermedad ya afectar\u00e1 a una buena parte del nervio \u00f3ptico.<\/p>\n\n\n\n<p>Tambi\u00e9n hay un tipo de glaucoma \u201ccon presi\u00f3n normal\u201d en el que se dan todos los s\u00edntomas, excepto el de la presi\u00f3n intraocular elevada. Se cree que en estos casos se debe a una especial sensibilidad a la presi\u00f3n; de manera que cifras aun normales, a ellos les proporciona una tensi\u00f3n excesiva.<\/p>\n\n\n\n<p><strong>Glaucoma de \u00e1ngulo cerrado.<\/strong><br>Ocurre cuando hay una obstrucci\u00f3n brusca , parcial o total , de la eliminaci\u00f3n del humor acuoso debido a un bloqueo de su v\u00eda de drenaje.<\/p>\n\n\n\n<p><\/p>\n\n\n\n<h3 class=\"wp-block-heading\"><strong>Otros Patrocinadores: <\/strong><\/h3>\n\n\n\n<h4 class=\"wp-block-heading\"><a href=\"https:\/\/odontologiaestetica.co\/diseno-sonrisa\/\"><strong>Odontolog\u00eda<\/strong> <strong>Dise\u00f1o de Sonrisa Cali<\/strong><\/a><strong> : Dr. Juan Sebasti\u00e1n Tobar<\/strong><\/h4>\n\n\n\n<p><strong>Redefine tu imagen. Recupera tu esencia.<\/strong><\/p>\n\n\n\n<p>Una sonrisa bien dise\u00f1ada tiene el poder de cambiarlo todo: tu expresi\u00f3n, tu autoestima y la forma en que el mundo te percibe. En la <strong>Cl\u00ednica del Dr. Juan Sebasti\u00e1n Tobar<\/strong>, somos especialistas en <strong>Dise\u00f1o de Sonrisa en Cali<\/strong>, combinando arte, ciencia y tecnolog\u00eda para crear sonrisas que reflejan tu verdadera esencia.<\/p>\n\n\n\n<figure class=\"wp-block-image size-full is-resized\"><img loading=\"lazy\" decoding=\"async\" width=\"305\" height=\"165\" src=\"https:\/\/asoglaucoma.info\/wp-content\/uploads\/2025\/04\/ortodoncia-invisible-bogota.jpg\" alt=\"\" class=\"wp-image-54\" style=\"width:824px;height:auto\" srcset=\"https:\/\/asoglaucoma.info\/wp-content\/uploads\/2025\/04\/ortodoncia-invisible-bogota.jpg 305w, https:\/\/asoglaucoma.info\/wp-content\/uploads\/2025\/04\/ortodoncia-invisible-bogota-300x162.jpg 300w\" sizes=\"auto, (max-width: 305px) 100vw, 305px\" \/><\/figure>\n\n\n\n<p>Cada tratamiento comienza con un an\u00e1lisis detallado de tu rostro, tus proporciones y tu personalidad. No se trata solo de dientes perfectos: se trata de lograr una <strong>sonrisa aut\u00e9ntica<\/strong>, equilibrada y naturalmente hermosa, que potencie tu identidad y tu confianza.<\/p>\n\n\n\n<p>Utilizamos t\u00e9cnicas de \u00faltima generaci\u00f3n como <strong>carillas en porcelana, lentes de contacto dental y blanqueamientos personalizados<\/strong>, trabajando bajo protocolos de bioseguridad de nivel hospitalario y con materiales de la m\u00e1s alta calidad.<\/p>\n\n\n\n<p>\u2705 Dise\u00f1o digital previo para visualizar tu nueva sonrisa<br>\u2705 Resultados naturales, personalizados y duraderos<br>\u2705 Procedimientos r\u00e1pidos, seguros y m\u00ednimamente invasivos<br>\u2705 Experiencia respaldada por m\u00e1s de 11 a\u00f1os en est\u00e9tica dental avanzada<\/p>\n\n\n\n<p>\ud83d\udccd <strong>Descubre el impacto de una sonrisa dise\u00f1ada exclusivamente para ti. Agenda tu cita en la Cl\u00ednica del Dr. Juan Sebasti\u00e1n Tobar y da el primer paso hacia una transformaci\u00f3n que va m\u00e1s all\u00e1 de lo est\u00e9tico.<\/strong><\/p>\n\n\n\n<h4 class=\"wp-block-heading\"><strong><a href=\"https:\/\/odontologiaestetica.co\/implantes\/\">Odontolog\u00eda Implantes Dentales Cali<\/a>: <\/strong><strong>Dr. Juan Sebasti\u00e1n Tobar<\/strong><\/h4>\n\n\n\n<p><strong>Recupera tu sonrisa con un especialista en quien puedes confiar.<\/strong><\/p>\n\n\n\n<p>La p\u00e9rdida dental no solo cambia tu sonrisa, tambi\u00e9n puede afectar tu salud, tu alimentaci\u00f3n y tu seguridad al hablar. En la <strong>Cl\u00ednica del Dr. Juan Sebasti\u00e1n Tobar<\/strong>, somos expertos en <strong>implantes dentales en Cali<\/strong>, ofreciendo soluciones definitivas que restauran tu funcionalidad, tu est\u00e9tica y tu calidad de vida.<\/p>\n\n\n\n<figure class=\"wp-block-image size-large\"><img loading=\"lazy\" decoding=\"async\" width=\"1024\" height=\"683\" src=\"https:\/\/asoglaucoma.info\/wp-content\/uploads\/2025\/04\/implantes-dentales-julian-saiz-00-1024x683.webp\" alt=\"\" class=\"wp-image-59\" srcset=\"https:\/\/asoglaucoma.info\/wp-content\/uploads\/2025\/04\/implantes-dentales-julian-saiz-00-1024x683.webp 1024w, https:\/\/asoglaucoma.info\/wp-content\/uploads\/2025\/04\/implantes-dentales-julian-saiz-00-300x200.webp 300w, https:\/\/asoglaucoma.info\/wp-content\/uploads\/2025\/04\/implantes-dentales-julian-saiz-00-768x512.webp 768w, https:\/\/asoglaucoma.info\/wp-content\/uploads\/2025\/04\/implantes-dentales-julian-saiz-00.webp 1200w\" sizes=\"auto, (max-width: 1024px) 100vw, 1024px\" \/><\/figure>\n\n\n\n<p>Con m\u00e1s de <strong>11 a\u00f1os de experiencia cl\u00ednica<\/strong>, el Dr. Tobar combina tecnolog\u00eda avanzada, diagn\u00f3stico digital y materiales de \u00faltima generaci\u00f3n para colocar implantes dentales 100% biocompatibles que se integran de manera natural al hueso, logrando resultados est\u00e9ticos, seguros y duraderos.<\/p>\n\n\n\n<p>Cada tratamiento es personalizado, pensado en tus necesidades espec\u00edficas, tu salud bucal y tu expectativa de vida a largo plazo. Procedimientos m\u00ednimamente invasivos, tiempos de recuperaci\u00f3n optimizados y atenci\u00f3n de nivel hospitalario nos permiten garantizarte una experiencia c\u00f3moda y exitosa.<\/p>\n\n\n\n<p>\u2705 Implantes de alta calidad, funcionales y est\u00e9ticos<br>\u2705 Prevenci\u00f3n de p\u00e9rdida \u00f3sea y deterioro facial<br>\u2705 Soluciones adaptadas a cada paciente<br>\u2705 Compromiso con tu bienestar y satisfacci\u00f3n<\/p>\n\n\n\n<p>\ud83d\udccd <strong>Conf\u00eda tu sonrisa al Dr. Juan Sebasti\u00e1n Tobar, referente en implantes dentales en Cali. Agenda tu consulta y da el primer paso hacia una vida llena de confianza y bienestar.<\/strong><\/p>\n\n\n\n<h3 class=\"wp-block-heading\">Psicologos Online: Tu Compa\u00f1ero en Cada Etapa de tu Bienestar Emocional<\/h3>\n\n\n\n<p>En <strong>Psic\u00f3logos Online<\/strong>, entendemos que cuidar de tu salud mental es tan importante como cuidar de tu cuerpo. Por eso, ofrecemos un servicio de terapia psicol\u00f3gica a distancia, pensado para adaptarse a tu ritmo de vida actual. Nuestro equipo de psic\u00f3logos profesionales est\u00e1 preparado para acompa\u00f1arte en cada desaf\u00edo emocional, brind\u00e1ndote apoyo cercano, emp\u00e1tico y totalmente personalizado.<\/p>\n\n\n\n<p>Desde cualquier lugar y a cualquier hora, podr\u00e1s acceder a sesiones seguras y confidenciales que te permitir\u00e1n trabajar en tus emociones, relaciones personales, autoestima y manejo del estr\u00e9s. Nuestro enfoque integral busca no solo aliviar s\u00edntomas, sino tambi\u00e9n ayudarte a construir una vida m\u00e1s consciente, equilibrada y satisfactoria.<br><strong><br>Citas De Psic\u00f3logos Online: <a href=\"https:\/\/psicologosonline.org\/\">https:\/\/psicologosonline.org\/<\/a><\/strong><\/p>\n\n\n\n<p>Adem\u00e1s, en <strong>Psic\u00f3logos Online<\/strong> creemos en la importancia de democratizar el acceso a la salud mental, por eso ofrecemos precios accesibles, flexibilidad de horarios y opciones de inicio sin costo para que tomar el primer paso sea m\u00e1s f\u00e1cil que nunca.<\/p>\n\n\n\n<figure class=\"wp-block-image size-full\"><img loading=\"lazy\" decoding=\"async\" width=\"1024\" height=\"1024\" src=\"https:\/\/asoglaucoma.info\/wp-content\/uploads\/2025\/04\/psicologos-online.webp\" alt=\"\" class=\"wp-image-64\" srcset=\"https:\/\/asoglaucoma.info\/wp-content\/uploads\/2025\/04\/psicologos-online.webp 1024w, https:\/\/asoglaucoma.info\/wp-content\/uploads\/2025\/04\/psicologos-online-300x300.webp 300w, https:\/\/asoglaucoma.info\/wp-content\/uploads\/2025\/04\/psicologos-online-150x150.webp 150w, https:\/\/asoglaucoma.info\/wp-content\/uploads\/2025\/04\/psicologos-online-768x768.webp 768w\" sizes=\"auto, (max-width: 1024px) 100vw, 1024px\" \/><\/figure>\n\n\n\n<p>No esperes m\u00e1s para priorizar tu bienestar emocional. En <strong>Psic\u00f3logos Online<\/strong>, estamos listos para acompa\u00f1arte en tu camino hacia una vida m\u00e1s plena.<\/p>\n\n\n\n<p><strong><a href=\"https:\/\/fajascolombianas.vip\/\">Fajas Colombianas vip<\/a>: La Fusi\u00f3n Perfecta de Estilo y Funcionalidad<\/strong><\/p>\n\n\n\n<p>Las fajas colombianas son sin\u00f3nimo de innovaci\u00f3n, calidad y belleza aut\u00e9ntica. M\u00e1s all\u00e1 de moldear la silueta, est\u00e1n dise\u00f1adas para acompa\u00f1ar a la mujer moderna en cada etapa de su vida, ofreciendo soporte, seguridad y una confianza que se nota en cada movimiento.<\/p>\n\n\n\n<p>Con tejidos de alta tecnolog\u00eda, costuras invisibles y dise\u00f1os ergon\u00f3micos, las fajas colombianas se adaptan perfectamente al cuerpo, ayudando a estilizar la figura, mejorar la postura y realzar las curvas naturales. Son la elecci\u00f3n ideal para quienes buscan una transformaci\u00f3n real, ya sea para uso diario, recuperaci\u00f3n posquir\u00fargica o el cuidado postparto.<\/p>\n\n\n\n<p>Cada prenda refleja la dedicaci\u00f3n y el saber hacer colombiano, reconocido mundialmente por su excelencia en confecci\u00f3n.<br>Con una faja colombiana no solo vistes tu cuerpo, vistes tu poder.<\/p>\n\n\n\n<h3 class=\"wp-block-heading\"><strong><a href=\"https:\/\/fajascolombianas.vip\/pages\/fajas-al-por-mayor\">Fajas al por Mayor<\/a><\/strong> : <strong>Impulsa tu negocio con el producto estrella<\/strong><\/h3>\n\n\n\n<p>En un mercado donde la imagen y el bienestar son prioridades, vender <strong>fajas colombianas al por mayor<\/strong> es una apuesta segura. Nuestra l\u00ednea exclusiva combina tecnolog\u00eda de \u00faltima generaci\u00f3n en compresi\u00f3n con dise\u00f1os c\u00f3modos y elegantes que enamoran a tus clientes desde el primer uso.<\/p>\n\n\n\n<figure class=\"wp-block-image size-large\"><img loading=\"lazy\" decoding=\"async\" width=\"1024\" height=\"1024\" src=\"https:\/\/asoglaucoma.info\/wp-content\/uploads\/2025\/04\/FajaColombianas-1024x1024.webp\" alt=\"\" class=\"wp-image-72\" srcset=\"https:\/\/asoglaucoma.info\/wp-content\/uploads\/2025\/04\/FajaColombianas-1024x1024.webp 1024w, https:\/\/asoglaucoma.info\/wp-content\/uploads\/2025\/04\/FajaColombianas-300x300.webp 300w, https:\/\/asoglaucoma.info\/wp-content\/uploads\/2025\/04\/FajaColombianas-150x150.webp 150w, https:\/\/asoglaucoma.info\/wp-content\/uploads\/2025\/04\/FajaColombianas-768x768.webp 768w, https:\/\/asoglaucoma.info\/wp-content\/uploads\/2025\/04\/FajaColombianas.webp 1080w\" sizes=\"auto, (max-width: 1024px) 100vw, 1024px\" \/><\/figure>\n\n\n\n<p>Ofrecemos modelos para todas las necesidades: moldeadoras, posquir\u00fargicas, deportivas y de uso diario, en m\u00faltiples tallas, colores y estilos. Trabajamos directamente con fabricantes colombianos, garantizando precios competitivos, alta calidad y entregas r\u00e1pidas.<\/p>\n\n\n\n<p>No importa si est\u00e1s comenzando o deseas expandir tu cat\u00e1logo: con nuestras fajas, tendr\u00e1s productos de alta rotaci\u00f3n, respaldo constante y la confianza de ofrecer lo mejor del mercado.<br><strong>Abre nuevas oportunidades, fideliza a tus clientes y haz crecer tu negocio vendiendo las aut\u00e9nticas fajas colombianas. \u00a1Cont\u00e1ctanos y da el primer paso hacia tu \u00e9xito!<\/strong><\/p>\n\n\n\n<h3 class=\"wp-block-heading\"><\/h3>\n\n\n\n<p><strong>PUBLICIDAD:<\/strong> <br><strong>Ortodoncia Invisible y Dise\u00f1o de Sonrisa \u2013 Dra. Yojaira Chamorro<\/strong><\/p>\n\n\n\n<p><strong>Corrige tu sonrisa sin que nadie lo note. Transforma tu imagen con naturalidad.<\/strong><\/p>\n\n\n\n<p>En manos de la <strong>Dra. Yojaira Chamorro<\/strong>, la ortodoncia deja de ser un tratamiento inc\u00f3modo y visible para convertirse en un proceso discreto, c\u00f3modo y altamente est\u00e9tico. Especialista en <strong>Ortodoncia Invisible y Dise\u00f1o de Sonrisa<\/strong>, la Dra. Chamorro ofrece soluciones personalizadas para alinear tus dientes sin afectar tu imagen durante el tratamiento.<\/p>\n\n\n\n<p>Con sistemas de <strong>alineadores transparentes<\/strong> de \u00faltima generaci\u00f3n, logramos corregir problemas de alineaci\u00f3n, mordida y espacios dentales de forma progresiva, mientras trabajamos en perfeccionar la forma, el tama\u00f1o y la proporci\u00f3n de tus dientes a trav\u00e9s de un <strong>dise\u00f1o de sonrisa totalmente adaptado a tu rostro<\/strong>.<\/p>\n\n\n\n<p>\u2705 Tratamientos discretos y c\u00f3modos<br>\u2705 Resultados visibles en menos tiempo<br>\u2705 Dise\u00f1o digital previo para visualizar tu sonrisa ideal<br>\u2705 Atenci\u00f3n personalizada y seguimiento continuo<\/p>\n\n\n\n<p>Cada paciente recibe un plan de tratamiento \u00fanico, adaptado no solo a sus necesidades cl\u00ednicas, sino tambi\u00e9n a sus expectativas est\u00e9ticas. Nuestro objetivo es que logres una sonrisa arm\u00f3nica, funcional y natural, sin necesidad de brackets met\u00e1licos ni procesos invasivos.<\/p>\n\n\n\n<p>\ud83d\udccd <strong>Conf\u00eda en la experiencia de la Dra. Yojaira Chamorro y descubre c\u00f3mo la ortodoncia invisible puede ser el primer paso hacia la sonrisa que siempre so\u00f1aste. Agenda tu consulta hoy.<\/strong><br><a class=\"aioseop-link\" href=\"https:\/\/www.yojairachamorro.com\/\">ORTODONCIA BOGOTA<\/a>: <strong>Dise\u00f1o de Sonrisas Perfectas.<\/strong><br><br><\/p>\n","protected":false},"excerpt":{"rendered":"<p>Bienvenidos a la web de la Asociaci\u00f3n para la Prevenci\u00f3n del Glaucoma, una entidad sin \u00e1nimo de lucro cuyo objetivo principal es informar sobre la importancia del diagn\u00f3stico precoz del glaucoma para evitar posteriores complicaciones de la enfermedad que pueden derivar incluso en la ceguera. ESTOS SON NUESTROS FINES. Informar, divulgar y concienciar sobre la &hellip; <\/p>\n<p class=\"link-more\"><a href=\"https:\/\/asoglaucoma.info\/\" class=\"more-link\">Seguir leyendo<span class=\"screen-reader-text\"> \u00abASOGLAUCOMA\u00bb<\/span><\/a><\/p>\n","protected":false},"author":1,"featured_media":0,"parent":0,"menu_order":0,"comment_status":"closed","ping_status":"open","template":"","meta":{"footnotes":""},"class_list":["post-2","page","type-page","status-publish","hentry","entry"],"yoast_head":"<!-- This site is optimized with the Yoast SEO plugin v24.9 - https:\/\/yoast.com\/wordpress\/plugins\/seo\/ -->\n<title>ASOGLAUCOMA -<\/title>\n<meta name=\"robots\" content=\"index, follow, max-snippet:-1, max-image-preview:large, max-video-preview:-1\" \/>\n<link rel=\"canonical\" href=\"https:\/\/asoglaucoma.info\/\" \/>\n<meta property=\"og:locale\" content=\"es_ES\" \/>\n<meta property=\"og:type\" content=\"article\" \/>\n<meta property=\"og:title\" content=\"ASOGLAUCOMA -\" \/>\n<meta property=\"og:description\" content=\"Bienvenidos a la web de la Asociaci\u00f3n para la Prevenci\u00f3n del Glaucoma, una entidad sin \u00e1nimo de lucro cuyo objetivo principal es informar sobre la importancia del diagn\u00f3stico precoz del glaucoma para evitar posteriores complicaciones de la enfermedad que pueden derivar incluso en la ceguera. ESTOS SON NUESTROS FINES. Informar, divulgar y concienciar sobre la &hellip; Seguir leyendo \u00abASOGLAUCOMA\u00bb\" \/>\n<meta property=\"og:url\" content=\"https:\/\/asoglaucoma.info\/\" \/>\n<meta property=\"article:modified_time\" content=\"2025-04-28T22:15:08+00:00\" \/>\n<meta property=\"og:image\" content=\"https:\/\/asoglaucoma.info\/wp-content\/uploads\/2025\/04\/os-glaucoma.jpeg\" \/>\n\t<meta property=\"og:image:width\" content=\"300\" \/>\n\t<meta property=\"og:image:height\" content=\"168\" \/>\n\t<meta property=\"og:image:type\" content=\"image\/jpeg\" \/>\n<meta name=\"twitter:card\" content=\"summary_large_image\" \/>\n<meta name=\"twitter:label1\" content=\"Tiempo de lectura\" \/>\n\t<meta name=\"twitter:data1\" content=\"13 minutos\" \/>\n<script type=\"application\/ld+json\" class=\"yoast-schema-graph\">{\"@context\":\"https:\/\/schema.org\",\"@graph\":[{\"@type\":\"WebPage\",\"@id\":\"https:\/\/asoglaucoma.info\/\",\"url\":\"https:\/\/asoglaucoma.info\/\",\"name\":\"ASOGLAUCOMA -\",\"isPartOf\":{\"@id\":\"https:\/\/asoglaucoma.info\/#website\"},\"primaryImageOfPage\":{\"@id\":\"https:\/\/asoglaucoma.info\/#primaryimage\"},\"image\":{\"@id\":\"https:\/\/asoglaucoma.info\/#primaryimage\"},\"thumbnailUrl\":\"https:\/\/asoglaucoma.info\/wp-content\/uploads\/2025\/04\/os-glaucoma.jpeg\",\"datePublished\":\"2020-05-23T08:46:30+00:00\",\"dateModified\":\"2025-04-28T22:15:08+00:00\",\"breadcrumb\":{\"@id\":\"https:\/\/asoglaucoma.info\/#breadcrumb\"},\"inLanguage\":\"es\",\"potentialAction\":[{\"@type\":\"ReadAction\",\"target\":[\"https:\/\/asoglaucoma.info\/\"]}]},{\"@type\":\"ImageObject\",\"inLanguage\":\"es\",\"@id\":\"https:\/\/asoglaucoma.info\/#primaryimage\",\"url\":\"https:\/\/asoglaucoma.info\/wp-content\/uploads\/2025\/04\/os-glaucoma.jpeg\",\"contentUrl\":\"https:\/\/asoglaucoma.info\/wp-content\/uploads\/2025\/04\/os-glaucoma.jpeg\",\"width\":300,\"height\":168},{\"@type\":\"BreadcrumbList\",\"@id\":\"https:\/\/asoglaucoma.info\/#breadcrumb\",\"itemListElement\":[{\"@type\":\"ListItem\",\"position\":1,\"name\":\"Portada\",\"item\":\"https:\/\/asoglaucoma.info\/\"},{\"@type\":\"ListItem\",\"position\":2,\"name\":\"ASOGLAUCOMA\"}]},{\"@type\":\"WebSite\",\"@id\":\"https:\/\/asoglaucoma.info\/#website\",\"url\":\"https:\/\/asoglaucoma.info\/\",\"name\":\"\",\"description\":\"\",\"potentialAction\":[{\"@type\":\"SearchAction\",\"target\":{\"@type\":\"EntryPoint\",\"urlTemplate\":\"https:\/\/asoglaucoma.info\/?s={search_term_string}\"},\"query-input\":{\"@type\":\"PropertyValueSpecification\",\"valueRequired\":true,\"valueName\":\"search_term_string\"}}],\"inLanguage\":\"es\"}]}<\/script>\n<!-- \/ Yoast SEO plugin. -->","yoast_head_json":{"title":"ASOGLAUCOMA -","robots":{"index":"index","follow":"follow","max-snippet":"max-snippet:-1","max-image-preview":"max-image-preview:large","max-video-preview":"max-video-preview:-1"},"canonical":"https:\/\/asoglaucoma.info\/","og_locale":"es_ES","og_type":"article","og_title":"ASOGLAUCOMA -","og_description":"Bienvenidos a la web de la Asociaci\u00f3n para la Prevenci\u00f3n del Glaucoma, una entidad sin \u00e1nimo de lucro cuyo objetivo principal es informar sobre la importancia del diagn\u00f3stico precoz del glaucoma para evitar posteriores complicaciones de la enfermedad que pueden derivar incluso en la ceguera. ESTOS SON NUESTROS FINES. Informar, divulgar y concienciar sobre la &hellip; Seguir leyendo \u00abASOGLAUCOMA\u00bb","og_url":"https:\/\/asoglaucoma.info\/","article_modified_time":"2025-04-28T22:15:08+00:00","og_image":[{"width":300,"height":168,"url":"https:\/\/asoglaucoma.info\/wp-content\/uploads\/2025\/04\/os-glaucoma.jpeg","type":"image\/jpeg"}],"twitter_card":"summary_large_image","twitter_misc":{"Tiempo de lectura":"13 minutos"},"schema":{"@context":"https:\/\/schema.org","@graph":[{"@type":"WebPage","@id":"https:\/\/asoglaucoma.info\/","url":"https:\/\/asoglaucoma.info\/","name":"ASOGLAUCOMA -","isPartOf":{"@id":"https:\/\/asoglaucoma.info\/#website"},"primaryImageOfPage":{"@id":"https:\/\/asoglaucoma.info\/#primaryimage"},"image":{"@id":"https:\/\/asoglaucoma.info\/#primaryimage"},"thumbnailUrl":"https:\/\/asoglaucoma.info\/wp-content\/uploads\/2025\/04\/os-glaucoma.jpeg","datePublished":"2020-05-23T08:46:30+00:00","dateModified":"2025-04-28T22:15:08+00:00","breadcrumb":{"@id":"https:\/\/asoglaucoma.info\/#breadcrumb"},"inLanguage":"es","potentialAction":[{"@type":"ReadAction","target":["https:\/\/asoglaucoma.info\/"]}]},{"@type":"ImageObject","inLanguage":"es","@id":"https:\/\/asoglaucoma.info\/#primaryimage","url":"https:\/\/asoglaucoma.info\/wp-content\/uploads\/2025\/04\/os-glaucoma.jpeg","contentUrl":"https:\/\/asoglaucoma.info\/wp-content\/uploads\/2025\/04\/os-glaucoma.jpeg","width":300,"height":168},{"@type":"BreadcrumbList","@id":"https:\/\/asoglaucoma.info\/#breadcrumb","itemListElement":[{"@type":"ListItem","position":1,"name":"Portada","item":"https:\/\/asoglaucoma.info\/"},{"@type":"ListItem","position":2,"name":"ASOGLAUCOMA"}]},{"@type":"WebSite","@id":"https:\/\/asoglaucoma.info\/#website","url":"https:\/\/asoglaucoma.info\/","name":"","description":"","potentialAction":[{"@type":"SearchAction","target":{"@type":"EntryPoint","urlTemplate":"https:\/\/asoglaucoma.info\/?s={search_term_string}"},"query-input":{"@type":"PropertyValueSpecification","valueRequired":true,"valueName":"search_term_string"}}],"inLanguage":"es"}]}},"_links":{"self":[{"href":"https:\/\/asoglaucoma.info\/index.php?rest_route=\/wp\/v2\/pages\/2","targetHints":{"allow":["GET"]}}],"collection":[{"href":"https:\/\/asoglaucoma.info\/index.php?rest_route=\/wp\/v2\/pages"}],"about":[{"href":"https:\/\/asoglaucoma.info\/index.php?rest_route=\/wp\/v2\/types\/page"}],"author":[{"embeddable":true,"href":"https:\/\/asoglaucoma.info\/index.php?rest_route=\/wp\/v2\/users\/1"}],"replies":[{"embeddable":true,"href":"https:\/\/asoglaucoma.info\/index.php?rest_route=%2Fwp%2Fv2%2Fcomments&post=2"}],"version-history":[{"count":36,"href":"https:\/\/asoglaucoma.info\/index.php?rest_route=\/wp\/v2\/pages\/2\/revisions"}],"predecessor-version":[{"id":78,"href":"https:\/\/asoglaucoma.info\/index.php?rest_route=\/wp\/v2\/pages\/2\/revisions\/78"}],"wp:attachment":[{"href":"https:\/\/asoglaucoma.info\/index.php?rest_route=%2Fwp%2Fv2%2Fmedia&parent=2"}],"curies":[{"name":"wp","href":"https:\/\/api.w.org\/{rel}","templated":true}]}}